{"id":1925,"date":"2024-04-25T12:41:54","date_gmt":"2024-04-25T10:41:54","guid":{"rendered":"https:\/\/neu.rhiem.com\/?page_id=1925"},"modified":"2024-05-31T14:13:06","modified_gmt":"2024-05-31T12:13:06","slug":"drucken-veredeln","status":"publish","type":"page","link":"https:\/\/www.rhiem.com\/de\/packaging-print\/drucken-veredeln\/","title":{"rendered":"Drucken &#038; Veredeln"},"content":{"rendered":"<p>[et_pb_section fb_built=&#8220;1&#8243; admin_label=&#8220;Page Title Section&#8220; _builder_version=&#8220;4.25.1&#8243; background_image=&#8220;https:\/\/www.rhiem.com\/wp-content\/uploads\/2024\/04\/offsetdruck-sammler-banner.jpg&#8220; background_enable_video_mp4=&#8220;off&#8220; custom_padding=&#8220;110px||110px|&#8220; hover_enabled=&#8220;0&#8243; custom_css_before=&#8220;content:%22%22;||display: block;||position: absolute;||top: 0;||left: 0;||width: 100%;||height: 100%;||z-index: 2;||background-color: rgba(0,0,0,0.4);&#8220; locked=&#8220;off&#8220; collapsed=&#8220;on&#8220; global_colors_info=&#8220;{}&#8220; sticky_enabled=&#8220;0&#8243;][et_pb_row make_equal=&#8220;on&#8220; admin_label=&#8220;Page Title Area&#8220; _builder_version=&#8220;4.24.0&#8243; background_size=&#8220;initial&#8220; background_position=&#8220;top_left&#8220; background_repeat=&#8220;repeat&#8220; global_colors_info=&#8220;{}&#8220;][et_pb_column type=&#8220;4_4&#8243; _builder_version=&#8220;4.16&#8243; custom_padding=&#8220;|||&#8220; global_colors_info=&#8220;{}&#8220; custom_padding__hover=&#8220;|||&#8220;][et_pb_text admin_label=&#8220;Title&#8220; _builder_version=&#8220;4.24.0&#8243; text_font=&#8220;||||||||&#8220; header_font=&#8220;|700|||||||&#8220; header_font_size=&#8220;60px&#8220; header_line_height=&#8220;1.2em&#8220; header_2_font=&#8220;||||||||&#8220; header_2_font_size=&#8220;60px&#8220; background_layout=&#8220;dark&#8220; custom_margin=&#8220;||20px|&#8220; custom_padding=&#8220;|||&#8220; animation_style=&#8220;fade&#8220; header_font_size_tablet=&#8220;&#8220; header_font_size_phone=&#8220;40px&#8220; header_font_size_last_edited=&#8220;on|phone&#8220; global_colors_info=&#8220;{}&#8220;]<\/p>\n<h1 style=\"padding:0;\">Drucken &#038; Veredeln<\/h1>\n<p>[\/et_pb_text][\/et_pb_column][\/et_pb_row][\/et_pb_section][et_pb_section fb_built=&#8220;1&#8243; admin_label=&#8220;Verpackungskonstruktion Section&#8220; _builder_version=&#8220;4.24.0&#8243; animation_style=&#8220;slide&#8220; animation_direction=&#8220;bottom&#8220; collapsed=&#8220;on&#8220; global_colors_info=&#8220;{}&#8220;][et_pb_row admin_label=&#8220;row&#8220; _builder_version=&#8220;4.24.0&#8243; background_size=&#8220;initial&#8220; background_position=&#8220;top_left&#8220; background_repeat=&#8220;repeat&#8220; custom_padding=&#8220;||0px||false|false&#8220; global_colors_info=&#8220;{}&#8220;][et_pb_column type=&#8220;4_4&#8243; _builder_version=&#8220;4.16&#8243; custom_padding=&#8220;|||&#8220; global_colors_info=&#8220;{}&#8220; custom_padding__hover=&#8220;|||&#8220;][et_pb_text _builder_version=&#8220;4.24.0&#8243; _module_preset=&#8220;default&#8220; global_colors_info=&#8220;{}&#8220;]<\/p>\n<h2>Druck-Produktion<\/h2>\n<p>RHIEM druckt inhouse auf modernsten Maschinen von K\u00f6nig &#038; Bauer \u2014 schnell, pr\u00e4zise und extrem zuverl\u00e4ssig. Wir stellen uns t\u00e4glich der Herausforderung, unterschiedliche Anspr\u00fcche an Qualit\u00e4t, Termin und Preis individuell und optimal zu erf\u00fcllen.<\/p>\n<p>[\/et_pb_text][\/et_pb_column][\/et_pb_row][et_pb_row column_structure=&#8220;1_3,1_3,1_3&#8243; _builder_version=&#8220;4.24.0&#8243; _module_preset=&#8220;default&#8220; global_colors_info=&#8220;{}&#8220;][et_pb_column type=&#8220;1_3&#8243; _builder_version=&#8220;4.24.0&#8243; _module_preset=&#8220;default&#8220; global_colors_info=&#8220;{}&#8220;][et_pb_image src=&#8220;https:\/\/www.rhiem.com\/wp-content\/uploads\/2024\/04\/print_2.jpg&#8220; title_text=&#8220;print_2&#8243; _builder_version=&#8220;4.24.0&#8243; _module_preset=&#8220;default&#8220; global_colors_info=&#8220;{}&#8220;][\/et_pb_image][\/et_pb_column][et_pb_column type=&#8220;1_3&#8243; _builder_version=&#8220;4.24.0&#8243; _module_preset=&#8220;default&#8220; global_colors_info=&#8220;{}&#8220;][et_pb_image src=&#8220;https:\/\/www.rhiem.com\/wp-content\/uploads\/2024\/04\/print_1_3.jpg&#8220; title_text=&#8220;print_1_3&#8243; _builder_version=&#8220;4.24.0&#8243; _module_preset=&#8220;default&#8220; global_colors_info=&#8220;{}&#8220;][\/et_pb_image][\/et_pb_column][et_pb_column type=&#8220;1_3&#8243; _builder_version=&#8220;4.24.0&#8243; _module_preset=&#8220;default&#8220; global_colors_info=&#8220;{}&#8220;][et_pb_image src=&#8220;https:\/\/www.rhiem.com\/wp-content\/uploads\/2024\/04\/offsetdruck-sammler_420x312-1.jpg&#8220; title_text=&#8220;offsetdruck-sammler_420x312-1&#8243; _builder_version=&#8220;4.24.0&#8243; _module_preset=&#8220;default&#8220; global_colors_info=&#8220;{}&#8220;][\/et_pb_image][\/et_pb_column][\/et_pb_row][\/et_pb_section][et_pb_section fb_built=&#8220;1&#8243; admin_label=&#8220;Mustererstellung und Nullserienfertigung Section&#8220; _builder_version=&#8220;4.24.0&#8243; background_color=&#8220;#F2F2F2&#8243; animation_style=&#8220;slide&#8220; animation_direction=&#8220;bottom&#8220; collapsed=&#8220;on&#8220; global_colors_info=&#8220;{}&#8220;][et_pb_row admin_label=&#8220;row&#8220; _builder_version=&#8220;4.24.0&#8243; background_size=&#8220;initial&#8220; background_position=&#8220;top_left&#8220; background_repeat=&#8220;repeat&#8220; custom_padding=&#8220;||0px||false|false&#8220; global_colors_info=&#8220;{}&#8220;][et_pb_column type=&#8220;4_4&#8243; _builder_version=&#8220;4.16&#8243; custom_padding=&#8220;|||&#8220; global_colors_info=&#8220;{}&#8220; custom_padding__hover=&#8220;|||&#8220;][et_pb_text _builder_version=&#8220;4.24.0&#8243; _module_preset=&#8220;default&#8220; global_colors_info=&#8220;{}&#8220;]<\/p>\n<h2>Veredelungen mit Lack &#038; Hei\u00dffolienpr\u00e4gung<\/h2>\n<p>Bei uns wird nach allen Regeln der Kunst lackiert und veredelt. Dispersions- und UV-Lacke, Glanz- \/ Matt-\/ Softtouch- oder PET-Cellophanierungen sowie Hei\u00dffolienpr\u00e4gungen bieten eine uneingeschr\u00e4nkte Flexibilit\u00e4t in der hochwertigen Veredlung Ihres Produktes.<\/p>\n<p>Besonders beliebt sind auch unsere nachhaltigen Veredelungsalternativen.<\/p>\n<p>[\/et_pb_text][\/et_pb_column][\/et_pb_row][et_pb_row column_structure=&#8220;1_3,1_3,1_3&#8243; _builder_version=&#8220;4.24.0&#8243; _module_preset=&#8220;default&#8220; global_colors_info=&#8220;{}&#8220;][et_pb_column type=&#8220;1_3&#8243; _builder_version=&#8220;4.24.0&#8243; _module_preset=&#8220;default&#8220; global_colors_info=&#8220;{}&#8220;][et_pb_image src=&#8220;https:\/\/www.rhiem.com\/wp-content\/uploads\/2024\/04\/blindpraegung-2_420x312.jpg&#8220; title_text=&#8220;blindpraegung-2_420x312&#8243; _builder_version=&#8220;4.24.0&#8243; _module_preset=&#8220;default&#8220; global_colors_info=&#8220;{}&#8220;][\/et_pb_image][\/et_pb_column][et_pb_column type=&#8220;1_3&#8243; _builder_version=&#8220;4.24.0&#8243; _module_preset=&#8220;default&#8220; global_colors_info=&#8220;{}&#8220;][et_pb_image src=&#8220;https:\/\/www.rhiem.com\/wp-content\/uploads\/2024\/04\/matt-glanz-effekt-2_420x312.jpg&#8220; title_text=&#8220;matt-glanz-effekt-2_420x312&#8243; _builder_version=&#8220;4.24.0&#8243; _module_preset=&#8220;default&#8220; global_colors_info=&#8220;{}&#8220;][\/et_pb_image][\/et_pb_column][et_pb_column type=&#8220;1_3&#8243; _builder_version=&#8220;4.24.0&#8243; _module_preset=&#8220;default&#8220; global_colors_info=&#8220;{}&#8220;][et_pb_image src=&#8220;https:\/\/www.rhiem.com\/wp-content\/uploads\/2024\/04\/matt-glanz-effekt-1_420x312.jpg&#8220; title_text=&#8220;matt-glanz-effekt-1_420x312&#8243; _builder_version=&#8220;4.24.0&#8243; _module_preset=&#8220;default&#8220; global_colors_info=&#8220;{}&#8220;][\/et_pb_image][\/et_pb_column][\/et_pb_row][\/et_pb_section][et_pb_section fb_built=&#8220;1&#8243; admin_label=&#8220;Verpackungsl\u00f6sungen Section&#8220; _builder_version=&#8220;4.24.0&#8243; animation_style=&#8220;slide&#8220; animation_direction=&#8220;bottom&#8220; collapsed=&#8220;on&#8220; global_colors_info=&#8220;{}&#8220;][et_pb_row admin_label=&#8220;row&#8220; _builder_version=&#8220;4.24.0&#8243; background_size=&#8220;initial&#8220; background_position=&#8220;top_left&#8220; background_repeat=&#8220;repeat&#8220; custom_padding=&#8220;||0px||false|false&#8220; global_colors_info=&#8220;{}&#8220;][et_pb_column type=&#8220;4_4&#8243; _builder_version=&#8220;4.16&#8243; custom_padding=&#8220;|||&#8220; global_colors_info=&#8220;{}&#8220; custom_padding__hover=&#8220;|||&#8220;][et_pb_text _builder_version=&#8220;4.24.0&#8243; _module_preset=&#8220;default&#8220; global_colors_info=&#8220;{}&#8220;]<\/p>\n<h2>Folienlaminierung<\/h2>\n<p>RHIEM installierte deutschlandweit das erste voll ausgestattete Syrius Hochleistungs-Laminiersystem. Dieses bietet uneingeschr\u00e4nkte Flexibilit\u00e4t in der hochwertigen Veredlung \u2013 mit allen g\u00e4ngigen Laminier-Filmen. Es k\u00f6nnen alle verf\u00fcgbaren Folienarten wie PE, PET, PLA, OPP, Acetat, Nylon, Thermo oder Strukturfolie verarbeitet werden.<\/p>\n<p>[\/et_pb_text][\/et_pb_column][\/et_pb_row][et_pb_row column_structure=&#8220;1_3,1_3,1_3&#8243; _builder_version=&#8220;4.24.0&#8243; _module_preset=&#8220;default&#8220; global_colors_info=&#8220;{}&#8220;][et_pb_column type=&#8220;1_3&#8243; _builder_version=&#8220;4.24.0&#8243; _module_preset=&#8220;default&#8220; global_colors_info=&#8220;{}&#8220;][et_pb_image src=&#8220;https:\/\/www.rhiem.com\/wp-content\/uploads\/2024\/04\/befensterung-2_420x312.jpg&#8220; title_text=&#8220;befensterung-2_420x312&#8243; _builder_version=&#8220;4.24.0&#8243; _module_preset=&#8220;default&#8220; global_colors_info=&#8220;{}&#8220;][\/et_pb_image][\/et_pb_column][et_pb_column type=&#8220;1_3&#8243; _builder_version=&#8220;4.24.0&#8243; _module_preset=&#8220;default&#8220; global_colors_info=&#8220;{}&#8220;][et_pb_image src=&#8220;https:\/\/www.rhiem.com\/wp-content\/uploads\/2024\/04\/glanzfolie_420x312.jpg&#8220; title_text=&#8220;glanzfolie_420x312&#8243; _builder_version=&#8220;4.24.0&#8243; _module_preset=&#8220;default&#8220; global_colors_info=&#8220;{}&#8220;][\/et_pb_image][\/et_pb_column][et_pb_column type=&#8220;1_3&#8243; _builder_version=&#8220;4.24.0&#8243; _module_preset=&#8220;default&#8220; global_colors_info=&#8220;{}&#8220;][et_pb_image src=&#8220;https:\/\/www.rhiem.com\/wp-content\/uploads\/2024\/04\/hf-praegung-3.jpg&#8220; title_text=&#8220;hf-praegung-3&#8243; _builder_version=&#8220;4.24.0&#8243; _module_preset=&#8220;default&#8220; global_colors_info=&#8220;{}&#8220;][\/et_pb_image][\/et_pb_column][\/et_pb_row][\/et_pb_section][et_pb_section fb_built=&#8220;1&#8243; admin_label=&#8220;Mustererstellung und Nullserienfertigung Section&#8220; _builder_version=&#8220;4.24.0&#8243; background_color=&#8220;#F2F2F2&#8243; animation_style=&#8220;slide&#8220; animation_direction=&#8220;bottom&#8220; collapsed=&#8220;on&#8220; global_colors_info=&#8220;{}&#8220;][et_pb_row admin_label=&#8220;row&#8220; _builder_version=&#8220;4.24.0&#8243; background_size=&#8220;initial&#8220; background_position=&#8220;top_left&#8220; background_repeat=&#8220;repeat&#8220; custom_padding=&#8220;||0px||false|false&#8220; global_colors_info=&#8220;{}&#8220;][et_pb_column type=&#8220;4_4&#8243; _builder_version=&#8220;4.16&#8243; custom_padding=&#8220;|||&#8220; global_colors_info=&#8220;{}&#8220; custom_padding__hover=&#8220;|||&#8220;][et_pb_text _builder_version=&#8220;4.24.0&#8243; _module_preset=&#8220;default&#8220; global_colors_info=&#8220;{}&#8220;]<\/p>\n<h2>Endverarbeitung<\/h2>\n<p>Die f\u00fcr Verpackungen und Schalen aus Vollkarton oder kaschierter Welle wichtigen Endverarbeitungen sind inhouse verf\u00fcgbar. Zus\u00e4tzlich ist das Kleben von komplexen Innenkammern, das Befenstern von Ausstanzungen mit transparenter Folie oder die Applikation von Aufrei\u00dffaden sowie Haftfix mit Silikonbandabdeckung m\u00f6glich.<\/p>\n<p>[\/et_pb_text][\/et_pb_column][\/et_pb_row][et_pb_row column_structure=&#8220;1_3,1_3,1_3&#8243; _builder_version=&#8220;4.24.0&#8243; _module_preset=&#8220;default&#8220; global_colors_info=&#8220;{}&#8220;][et_pb_column type=&#8220;1_3&#8243; _builder_version=&#8220;4.24.0&#8243; _module_preset=&#8220;default&#8220; global_colors_info=&#8220;{}&#8220;][et_pb_image src=&#8220;https:\/\/www.rhiem.com\/wp-content\/uploads\/2024\/04\/klebung-laengsnaht_420x312.jpg&#8220; title_text=&#8220;klebung-laengsnaht_420x312&#8243; _builder_version=&#8220;4.24.0&#8243; _module_preset=&#8220;default&#8220; global_colors_info=&#8220;{}&#8220;][\/et_pb_image][\/et_pb_column][et_pb_column type=&#8220;1_3&#8243; _builder_version=&#8220;4.24.0&#8243; _module_preset=&#8220;default&#8220; global_colors_info=&#8220;{}&#8220;][et_pb_image src=&#8220;https:\/\/www.rhiem.com\/wp-content\/uploads\/2024\/04\/befensterung_420x312.jpg&#8220; title_text=&#8220;befensterung_420x312&#8243; _builder_version=&#8220;4.24.0&#8243; _module_preset=&#8220;default&#8220; global_colors_info=&#8220;{}&#8220;][\/et_pb_image][\/et_pb_column][et_pb_column type=&#8220;1_3&#8243; _builder_version=&#8220;4.24.0&#8243; _module_preset=&#8220;default&#8220; global_colors_info=&#8220;{}&#8220;][et_pb_image src=&#8220;https:\/\/www.rhiem.com\/wp-content\/uploads\/2024\/04\/haftfix-aufreissfaden-2_420x312.jpg&#8220; title_text=&#8220;haftfix-aufreissfaden-2_420x312&#8243; _builder_version=&#8220;4.24.0&#8243; _module_preset=&#8220;default&#8220; global_colors_info=&#8220;{}&#8220;][\/et_pb_image][\/et_pb_column][\/et_pb_row][\/et_pb_section]<\/p>\n","protected":false},"excerpt":{"rendered":"<p>Drucken &#038; VeredelnDruck-Produktion RHIEM druckt inhouse auf modernsten Maschinen von K\u00f6nig &#038; Bauer \u2014 schnell, pr\u00e4zise und extrem zuverl\u00e4ssig. Wir stellen uns t\u00e4glich der Herausforderung, unterschiedliche Anspr\u00fcche an Qualit\u00e4t, Termin und Preis individuell und optimal zu erf\u00fcllen.Veredelungen mit Lack &#038; Hei\u00dffolienpr\u00e4gung Bei uns wird nach allen Regeln der Kunst lackiert und veredelt. Dispersions- und UV-Lacke, [&hellip;]<\/p>\n","protected":false},"author":1,"featured_media":0,"parent":1651,"menu_order":400,"comment_status":"closed","ping_status":"closed","template":"","meta":{"_et_pb_use_builder":"on","_et_pb_old_content":"","_et_gb_content_width":"","footnotes":""},"class_list":["post-1925","page","type-page","status-publish","hentry"],"yoast_head":"<!-- This site is optimized with the Yoast SEO plugin v27.0 - https:\/\/yoast.com\/product\/yoast-seo-wordpress\/ -->\n<title>Drucken &amp; Veredeln - RHIEM Gruppe<\/title>\n<meta name=\"robots\" content=\"index, follow, max-snippet:-1, max-image-preview:large, max-video-preview:-1\" \/>\n<link rel=\"canonical\" href=\"https:\/\/www.rhiem.com\/de\/packaging-print\/drucken-veredeln\/\" \/>\n<meta property=\"og:locale\" content=\"de_DE\" \/>\n<meta property=\"og:type\" content=\"article\" \/>\n<meta property=\"og:title\" content=\"Drucken &amp; Veredeln - RHIEM Gruppe\" \/>\n<meta property=\"og:description\" content=\"Drucken &amp; VeredelnDruck-Produktion RHIEM druckt inhouse auf modernsten Maschinen von K\u00f6nig &amp; Bauer \u2014 schnell, pr\u00e4zise und extrem zuverl\u00e4ssig. Wir stellen uns t\u00e4glich der Herausforderung, unterschiedliche Anspr\u00fcche an Qualit\u00e4t, Termin und Preis individuell und optimal zu erf\u00fcllen.Veredelungen mit Lack &amp; Hei\u00dffolienpr\u00e4gung Bei uns wird nach allen Regeln der Kunst lackiert und veredelt. Dispersions- und UV-Lacke, [&hellip;]\" \/>\n<meta property=\"og:url\" content=\"https:\/\/www.rhiem.com\/de\/packaging-print\/drucken-veredeln\/\" \/>\n<meta property=\"og:site_name\" content=\"RHIEM Gruppe\" \/>\n<meta property=\"article:modified_time\" content=\"2024-05-31T12:13:06+00:00\" \/>\n<meta name=\"twitter:card\" content=\"summary_large_image\" \/>\n<meta name=\"twitter:label1\" content=\"Gesch\u00e4tzte Lesezeit\" \/>\n\t<meta name=\"twitter:data1\" content=\"4\u00a0Minuten\" \/>\n<script type=\"application\/ld+json\" class=\"yoast-schema-graph\">{\"@context\":\"https:\/\/schema.org\",\"@graph\":[{\"@type\":\"WebPage\",\"@id\":\"https:\/\/www.rhiem.com\/de\/packaging-print\/drucken-veredeln\/\",\"url\":\"https:\/\/www.rhiem.com\/de\/packaging-print\/drucken-veredeln\/\",\"name\":\"Drucken & Veredeln - RHIEM Gruppe\",\"isPartOf\":{\"@id\":\"https:\/\/www.rhiem.com\/de\/#website\"},\"datePublished\":\"2024-04-25T10:41:54+00:00\",\"dateModified\":\"2024-05-31T12:13:06+00:00\",\"breadcrumb\":{\"@id\":\"https:\/\/www.rhiem.com\/de\/packaging-print\/drucken-veredeln\/#breadcrumb\"},\"inLanguage\":\"de\",\"potentialAction\":[{\"@type\":\"ReadAction\",\"target\":[\"https:\/\/www.rhiem.com\/de\/packaging-print\/drucken-veredeln\/\"]}]},{\"@type\":\"BreadcrumbList\",\"@id\":\"https:\/\/www.rhiem.com\/de\/packaging-print\/drucken-veredeln\/#breadcrumb\",\"itemListElement\":[{\"@type\":\"ListItem\",\"position\":1,\"name\":\"Home\",\"item\":\"https:\/\/www.rhiem.com\/de\/\"},{\"@type\":\"ListItem\",\"position\":2,\"name\":\"Packaging &#038; Print\",\"item\":\"https:\/\/www.rhiem.com\/de\/packaging-print\/\"},{\"@type\":\"ListItem\",\"position\":3,\"name\":\"Drucken &#038; Veredeln\"}]},{\"@type\":\"WebSite\",\"@id\":\"https:\/\/www.rhiem.com\/de\/#website\",\"url\":\"https:\/\/www.rhiem.com\/de\/\",\"name\":\"RHIEM Gruppe\",\"description\":\"Packaging &amp; Print \u2022 E-Commerce \u2022 Logistics \u2022 Werbemittel Management\",\"publisher\":{\"@id\":\"https:\/\/www.rhiem.com\/de\/#organization\"},\"potentialAction\":[{\"@type\":\"SearchAction\",\"target\":{\"@type\":\"EntryPoint\",\"urlTemplate\":\"https:\/\/www.rhiem.com\/de\/?s={search_term_string}\"},\"query-input\":{\"@type\":\"PropertyValueSpecification\",\"valueRequired\":true,\"valueName\":\"search_term_string\"}}],\"inLanguage\":\"de\"},{\"@type\":\"Organization\",\"@id\":\"https:\/\/www.rhiem.com\/de\/#organization\",\"name\":\"RHIEM Gruppe\",\"url\":\"https:\/\/www.rhiem.com\/de\/\",\"logo\":{\"@type\":\"ImageObject\",\"inLanguage\":\"de\",\"@id\":\"https:\/\/www.rhiem.com\/de\/#\/schema\/logo\/image\/\",\"url\":\"https:\/\/www.rhiem.com\/wp-content\/uploads\/2023\/09\/rhiem-logo.svg\",\"contentUrl\":\"https:\/\/www.rhiem.com\/wp-content\/uploads\/2023\/09\/rhiem-logo.svg\",\"width\":480,\"height\":280,\"caption\":\"RHIEM Gruppe\"},\"image\":{\"@id\":\"https:\/\/www.rhiem.com\/de\/#\/schema\/logo\/image\/\"}}]}<\/script>\n<!-- \/ Yoast SEO plugin. -->","yoast_head_json":{"title":"Drucken & Veredeln - RHIEM Gruppe","robots":{"index":"index","follow":"follow","max-snippet":"max-snippet:-1","max-image-preview":"max-image-preview:large","max-video-preview":"max-video-preview:-1"},"canonical":"https:\/\/www.rhiem.com\/de\/packaging-print\/drucken-veredeln\/","og_locale":"de_DE","og_type":"article","og_title":"Drucken & Veredeln - RHIEM Gruppe","og_description":"Drucken & VeredelnDruck-Produktion RHIEM druckt inhouse auf modernsten Maschinen von K\u00f6nig & Bauer \u2014 schnell, pr\u00e4zise und extrem zuverl\u00e4ssig. Wir stellen uns t\u00e4glich der Herausforderung, unterschiedliche Anspr\u00fcche an Qualit\u00e4t, Termin und Preis individuell und optimal zu erf\u00fcllen.Veredelungen mit Lack & Hei\u00dffolienpr\u00e4gung Bei uns wird nach allen Regeln der Kunst lackiert und veredelt. Dispersions- und UV-Lacke, [&hellip;]","og_url":"https:\/\/www.rhiem.com\/de\/packaging-print\/drucken-veredeln\/","og_site_name":"RHIEM Gruppe","article_modified_time":"2024-05-31T12:13:06+00:00","twitter_card":"summary_large_image","twitter_misc":{"Gesch\u00e4tzte Lesezeit":"4\u00a0Minuten"},"schema":{"@context":"https:\/\/schema.org","@graph":[{"@type":"WebPage","@id":"https:\/\/www.rhiem.com\/de\/packaging-print\/drucken-veredeln\/","url":"https:\/\/www.rhiem.com\/de\/packaging-print\/drucken-veredeln\/","name":"Drucken & Veredeln - RHIEM Gruppe","isPartOf":{"@id":"https:\/\/www.rhiem.com\/de\/#website"},"datePublished":"2024-04-25T10:41:54+00:00","dateModified":"2024-05-31T12:13:06+00:00","breadcrumb":{"@id":"https:\/\/www.rhiem.com\/de\/packaging-print\/drucken-veredeln\/#breadcrumb"},"inLanguage":"de","potentialAction":[{"@type":"ReadAction","target":["https:\/\/www.rhiem.com\/de\/packaging-print\/drucken-veredeln\/"]}]},{"@type":"BreadcrumbList","@id":"https:\/\/www.rhiem.com\/de\/packaging-print\/drucken-veredeln\/#breadcrumb","itemListElement":[{"@type":"ListItem","position":1,"name":"Home","item":"https:\/\/www.rhiem.com\/de\/"},{"@type":"ListItem","position":2,"name":"Packaging &#038; Print","item":"https:\/\/www.rhiem.com\/de\/packaging-print\/"},{"@type":"ListItem","position":3,"name":"Drucken &#038; Veredeln"}]},{"@type":"WebSite","@id":"https:\/\/www.rhiem.com\/de\/#website","url":"https:\/\/www.rhiem.com\/de\/","name":"RHIEM Gruppe","description":"Packaging &amp; Print \u2022 E-Commerce \u2022 Logistics \u2022 Werbemittel Management","publisher":{"@id":"https:\/\/www.rhiem.com\/de\/#organization"},"potentialAction":[{"@type":"SearchAction","target":{"@type":"EntryPoint","urlTemplate":"https:\/\/www.rhiem.com\/de\/?s={search_term_string}"},"query-input":{"@type":"PropertyValueSpecification","valueRequired":true,"valueName":"search_term_string"}}],"inLanguage":"de"},{"@type":"Organization","@id":"https:\/\/www.rhiem.com\/de\/#organization","name":"RHIEM Gruppe","url":"https:\/\/www.rhiem.com\/de\/","logo":{"@type":"ImageObject","inLanguage":"de","@id":"https:\/\/www.rhiem.com\/de\/#\/schema\/logo\/image\/","url":"https:\/\/www.rhiem.com\/wp-content\/uploads\/2023\/09\/rhiem-logo.svg","contentUrl":"https:\/\/www.rhiem.com\/wp-content\/uploads\/2023\/09\/rhiem-logo.svg","width":480,"height":280,"caption":"RHIEM Gruppe"},"image":{"@id":"https:\/\/www.rhiem.com\/de\/#\/schema\/logo\/image\/"}}]}},"_links":{"self":[{"href":"https:\/\/www.rhiem.com\/de\/wp-json\/wp\/v2\/pages\/1925","targetHints":{"allow":["GET"]}}],"collection":[{"href":"https:\/\/www.rhiem.com\/de\/wp-json\/wp\/v2\/pages"}],"about":[{"href":"https:\/\/www.rhiem.com\/de\/wp-json\/wp\/v2\/types\/page"}],"author":[{"embeddable":true,"href":"https:\/\/www.rhiem.com\/de\/wp-json\/wp\/v2\/users\/1"}],"replies":[{"embeddable":true,"href":"https:\/\/www.rhiem.com\/de\/wp-json\/wp\/v2\/comments?post=1925"}],"version-history":[{"count":46,"href":"https:\/\/www.rhiem.com\/de\/wp-json\/wp\/v2\/pages\/1925\/revisions"}],"predecessor-version":[{"id":19998,"href":"https:\/\/www.rhiem.com\/de\/wp-json\/wp\/v2\/pages\/1925\/revisions\/19998"}],"up":[{"embeddable":true,"href":"https:\/\/www.rhiem.com\/de\/wp-json\/wp\/v2\/pages\/1651"}],"wp:attachment":[{"href":"https:\/\/www.rhiem.com\/de\/wp-json\/wp\/v2\/media?parent=1925"}],"curies":[{"name":"wp","href":"https:\/\/api.w.org\/{rel}","templated":true}]}}